{"id":305,"date":"2024-12-07T11:05:23","date_gmt":"2024-12-07T11:05:23","guid":{"rendered":"http:\/\/bierther.info\/?page_id=305"},"modified":"2026-01-06T14:14:22","modified_gmt":"2026-01-06T14:14:22","slug":"sachbuchveroeffentlichungen","status":"publish","type":"page","link":"https:\/\/bierther.info\/?page_id=305","title":{"rendered":"Sachbuchver\u00f6ffentlichungen"},"content":{"rendered":"\n<p>Auswahl, Gesamtauflage &gt;100.000 Exemplare:<\/p>\n\n\n\n<div class=\"wp-block-media-text is-stacked-on-mobile\"><figure class=\"wp-block-media-text__media\"><img loading=\"lazy\" decoding=\"async\" width=\"403\" height=\"600\" src=\"https:\/\/bierther.info\/wp-content\/uploads\/2024\/12\/BiertherGropp_Cover_Wandern_oestlichesRuhrgebiet.jpg\" alt=\"Cover\" class=\"wp-image-829 size-full\" srcset=\"https:\/\/bierther.info\/wp-content\/uploads\/2024\/12\/BiertherGropp_Cover_Wandern_oestlichesRuhrgebiet.jpg 403w, https:\/\/bierther.info\/wp-content\/uploads\/2024\/12\/BiertherGropp_Cover_Wandern_oestlichesRuhrgebiet-202x300.jpg 202w\" sizes=\"auto, (max-width: 403px) 100vw, 403px\" \/><\/figure><div class=\"wp-block-media-text__content\">\n<p><a href=\"https:\/\/klartext-verlag.de\/buecher\/klartext-aktiv\/wandern\/6577\/wanderglueck-industriekultur-oestliches-ruhrgebiet\"><strong>&#8222;Wandergl\u00fcck Industriekultur: Zu Fu\u00df durchs \u00f6stliche Ruhrgebiet&#8220;<\/strong> <\/a>(zusammen mit Kay Gropp), Klartext-Verlag, Essen 2024<\/p>\n<\/div><\/div>\n\n\n\n<div class=\"wp-block-media-text is-stacked-on-mobile\"><figure class=\"wp-block-media-text__media\"><img loading=\"lazy\" decoding=\"async\" width=\"415\" height=\"600\" src=\"https:\/\/bierther.info\/wp-content\/uploads\/2023\/09\/Bierther_Wandern_Cover-1.jpg\" alt=\"Buchcover\" class=\"wp-image-731 size-full\" srcset=\"https:\/\/bierther.info\/wp-content\/uploads\/2023\/09\/Bierther_Wandern_Cover-1.jpg 415w, https:\/\/bierther.info\/wp-content\/uploads\/2023\/09\/Bierther_Wandern_Cover-1-208x300.jpg 208w\" sizes=\"auto, (max-width: 415px) 100vw, 415px\" \/><\/figure><div class=\"wp-block-media-text__content\">\n<p><strong><a href=\"https:\/\/klartext-verlag.de\/buecher\/klartext-aktiv\/wandern\/6504\/wanderglueck-industriekultur-westliches-ruhrgebiet\">&#8222;Wandergl\u00fcck Industriekultur: Zu Fu\u00df durchs westliche Ruhrgebiet&#8220;<\/a><\/strong>, Klartext-Verlag, Essen 2023<\/p>\n<\/div><\/div>\n\n\n\n<p><\/p>\n\n\n\n<div class=\"wp-block-media-text is-stacked-on-mobile\"><figure class=\"wp-block-media-text__media\"><img loading=\"lazy\" decoding=\"async\" width=\"405\" height=\"600\" src=\"https:\/\/bierther.info\/wp-content\/uploads\/2023\/04\/Cover_HeimatschaetzeRuhrgebiet.jpg\" alt=\"Buchcover\" class=\"wp-image-692 size-full\" srcset=\"https:\/\/bierther.info\/wp-content\/uploads\/2023\/04\/Cover_HeimatschaetzeRuhrgebiet.jpg 405w, https:\/\/bierther.info\/wp-content\/uploads\/2023\/04\/Cover_HeimatschaetzeRuhrgebiet-203x300.jpg 203w\" sizes=\"auto, (max-width: 405px) 100vw, 405px\" \/><\/figure><div class=\"wp-block-media-text__content\">\n<p><a href=\"https:\/\/klartext-verlag.de\/buecher\/klartext-aktiv\/freizeit\/6388\/heimatschaetze-ruhrgebiet\"><strong>&#8222;Heimatsch\u00e4tze &#8211; Ausfl\u00fcge zu den sch\u00f6nsten Altst\u00e4dten im Ruhrgebiet&#8220;<\/strong>, <\/a>3. Auflage Klartext-Verlag, Essen, 2025; 2. Auflage Klartext-Verlag, Essen 2023; 1. Auflage Klartext-Verlag, Essen 2022<\/p>\n\n\n\n<p><\/p>\n<\/div><\/div>\n\n\n\n<div class=\"wp-block-media-text is-stacked-on-mobile\"><figure class=\"wp-block-media-text__media\"><img loading=\"lazy\" decoding=\"async\" width=\"405\" height=\"600\" src=\"https:\/\/bierther.info\/wp-content\/uploads\/2022\/02\/GrueneOasen_Buchcover.jpg\" alt=\"Frontcover des Buches\" class=\"wp-image-525 size-full\" srcset=\"https:\/\/bierther.info\/wp-content\/uploads\/2022\/02\/GrueneOasen_Buchcover.jpg 405w, https:\/\/bierther.info\/wp-content\/uploads\/2022\/02\/GrueneOasen_Buchcover-203x300.jpg 203w\" sizes=\"auto, (max-width: 405px) 100vw, 405px\" \/><\/figure><div class=\"wp-block-media-text__content\">\n<p><strong><a href=\"https:\/\/klartext-verlag.de\/buecher\/klartext-aktiv\/freizeit\/6360\/bluehende-oasen?c=273\">&#8222;Bl\u00fchende Oasen &#8211; Ausfl\u00fcge zu Parks und G\u00e4rten im Ruhrgebiet&#8220;<\/a><\/strong>, Klartext-Verlag, Essen 2022<\/p>\n<\/div><\/div>\n\n\n\n<div class=\"wp-block-media-text is-stacked-on-mobile\"><figure class=\"wp-block-media-text__media\"><img loading=\"lazy\" decoding=\"async\" width=\"492\" height=\"697\" src=\"https:\/\/bierther.info\/wp-content\/uploads\/2019\/02\/KettwigUnterDemHakenkreuz_Cover_klein-9.jpg\" alt=\"Buchcover\" class=\"wp-image-174 size-full\" srcset=\"https:\/\/bierther.info\/wp-content\/uploads\/2019\/02\/KettwigUnterDemHakenkreuz_Cover_klein-9.jpg 492w, https:\/\/bierther.info\/wp-content\/uploads\/2019\/02\/KettwigUnterDemHakenkreuz_Cover_klein-9-212x300.jpg 212w\" sizes=\"auto, (max-width: 492px) 100vw, 492px\" \/><\/figure><div class=\"wp-block-media-text__content\">\n<p><strong>&#8222;1945: Kriegsende in Kettwig&#8220;<\/strong> (in: &#8222;Kettwig unter dem Hakenkreuz&#8220;, Hg.: Kettwiger Museums- und Geschichtsfreunde e. V. ), Essen 2018<\/p>\n<\/div><\/div>\n\n\n\n<div class=\"wp-block-media-text is-stacked-on-mobile\"><figure class=\"wp-block-media-text__media\"><img loading=\"lazy\" decoding=\"async\" width=\"287\" height=\"410\" src=\"https:\/\/bierther.info\/wp-content\/uploads\/2024\/12\/JahrbuchRuhr2015.jpg\" alt=\"Cover\" class=\"wp-image-832 size-full\" srcset=\"https:\/\/bierther.info\/wp-content\/uploads\/2024\/12\/JahrbuchRuhr2015.jpg 287w, https:\/\/bierther.info\/wp-content\/uploads\/2024\/12\/JahrbuchRuhr2015-210x300.jpg 210w\" sizes=\"auto, (max-width: 287px) 100vw, 287px\" \/><\/figure><div class=\"wp-block-media-text__content\">\n<p><strong><a href=\"https:\/\/www.zvab.com\/9783837512328\/Positionen-Persepktiven-Jahrbuch-Ruhr-2015-3837512320\/plp\">&#8222;50 Jahre Ruhr-Universit\u00e4t&#8220;<\/a><\/strong> (in: &#8222;Positionen und Perspektiven. Jahrbuch Ruhr 2015&#8220;, Hg.: Regionalverband Ruhr), Klartext-Verlag, Essen 2015<\/p>\n<\/div><\/div>\n\n\n\n<div class=\"wp-block-media-text is-stacked-on-mobile\"><figure class=\"wp-block-media-text__media\"><img loading=\"lazy\" decoding=\"async\" width=\"723\" height=\"600\" src=\"https:\/\/bierther.info\/wp-content\/uploads\/2014\/10\/ruhrbuch.jpg\" alt=\"Buchcover\" class=\"wp-image-105 size-full\" srcset=\"https:\/\/bierther.info\/wp-content\/uploads\/2014\/10\/ruhrbuch.jpg 723w, https:\/\/bierther.info\/wp-content\/uploads\/2014\/10\/ruhrbuch-300x249.jpg 300w\" sizes=\"auto, (max-width: 723px) 100vw, 723px\" \/><\/figure><div class=\"wp-block-media-text__content\">\n<p><strong>&#8222;<a href=\"https:\/\/www.ruhrbarone.de\/2193-kilometer-im-fluss-das-ruhr-buch\/94515\/\">219,3 Kilometer im Fluss &#8211; das Ruhr-Buch<\/a>&#8222;<\/strong> (zusammen mit Jochen Tack et al.), Verlag hellblau, Essen 2014<\/p>\n<\/div><\/div>\n\n\n\n<div class=\"wp-block-media-text is-stacked-on-mobile\"><figure class=\"wp-block-media-text__media\"><img loading=\"lazy\" decoding=\"async\" width=\"723\" height=\"1024\" src=\"https:\/\/bierther.info\/wp-content\/uploads\/2024\/12\/EPSON001-723x1024.jpg\" alt=\"\" class=\"wp-image-878 size-full\" srcset=\"https:\/\/bierther.info\/wp-content\/uploads\/2024\/12\/EPSON001-723x1024.jpg 723w, https:\/\/bierther.info\/wp-content\/uploads\/2024\/12\/EPSON001-212x300.jpg 212w, https:\/\/bierther.info\/wp-content\/uploads\/2024\/12\/EPSON001-768x1088.jpg 768w, https:\/\/bierther.info\/wp-content\/uploads\/2024\/12\/EPSON001-1084x1536.jpg 1084w, https:\/\/bierther.info\/wp-content\/uploads\/2024\/12\/EPSON001-1446x2048.jpg 1446w, https:\/\/bierther.info\/wp-content\/uploads\/2024\/12\/EPSON001.jpg 1640w\" sizes=\"auto, (max-width: 723px) 100vw, 723px\" \/><\/figure><div class=\"wp-block-media-text__content\">\n<p><strong>&#8222;Querschnittstechnologie Mikrosystemtechnik: Materialien von morgen&#8220;<\/strong> (in: &#8222;Metropole Ruhr &#8211; Raum f\u00fcr Zukunft&#8220;, Edition St\u00e4dte- Kreise &#8211; Regionen), Verlag Kommunikation &amp; Wirtschaft GmbH, Oldenburg 2010<\/p>\n<\/div><\/div>\n\n\n\n<div class=\"wp-block-media-text is-stacked-on-mobile\"><figure class=\"wp-block-media-text__media\"><img loading=\"lazy\" decoding=\"async\" width=\"504\" height=\"522\" src=\"https:\/\/bierther.info\/wp-content\/uploads\/2024\/12\/Kultbuch_Ruhrgebiet.jpg\" alt=\"Cover\" class=\"wp-image-835 size-full\" srcset=\"https:\/\/bierther.info\/wp-content\/uploads\/2024\/12\/Kultbuch_Ruhrgebiet.jpg 504w, https:\/\/bierther.info\/wp-content\/uploads\/2024\/12\/Kultbuch_Ruhrgebiet-290x300.jpg 290w\" sizes=\"auto, (max-width: 504px) 100vw, 504px\" \/><\/figure><div class=\"wp-block-media-text__content\">\n<p><strong>&#8222;Kultbuch Ruhrgebiet&#8220;<\/strong>, Komet-Verlag, K\u00f6ln 2009<\/p>\n<\/div><\/div>\n\n\n\n<div class=\"wp-block-media-text is-stacked-on-mobile\"><figure class=\"wp-block-media-text__media\"><img loading=\"lazy\" decoding=\"async\" width=\"553\" height=\"1024\" src=\"https:\/\/bierther.info\/wp-content\/uploads\/2024\/12\/Ruhrstaedte-553x1024.jpg\" alt=\"Cover\" class=\"wp-image-836 size-full\" srcset=\"https:\/\/bierther.info\/wp-content\/uploads\/2024\/12\/Ruhrstaedte-553x1024.jpg 553w, https:\/\/bierther.info\/wp-content\/uploads\/2024\/12\/Ruhrstaedte-162x300.jpg 162w, https:\/\/bierther.info\/wp-content\/uploads\/2024\/12\/Ruhrstaedte.jpg 600w\" sizes=\"auto, (max-width: 553px) 100vw, 553px\" \/><\/figure><div class=\"wp-block-media-text__content\">\n<p><strong><a href=\"https:\/\/www.buchreport.de\/news\/itb-mairdumont-zahlreich-ausgezeichnet\/\" target=\"_blank\" rel=\"noreferrer noopener\">&#8222;Marco Polo Ruhrst\u00e4dte f\u00fcr Ruhrst\u00e4dter&#8220;<\/a><\/strong> (zusammen mit Andrea Hamm, Anette Kolkau und Thomas Machoczek), Falk-Verlag, Ostfildern 2009, 2010.  <strong>Ausgezeichnet mit dem ITB BuchAward 2009<\/strong>.<\/p>\n<\/div><\/div>\n\n\n\n<div class=\"wp-block-media-text is-stacked-on-mobile\"><figure class=\"wp-block-media-text__media\"><img loading=\"lazy\" decoding=\"async\" width=\"392\" height=\"522\" src=\"https:\/\/bierther.info\/wp-content\/uploads\/2024\/12\/Dreiecksgeschichten.jpg\" alt=\"Cover\" class=\"wp-image-837 size-full\" srcset=\"https:\/\/bierther.info\/wp-content\/uploads\/2024\/12\/Dreiecksgeschichten.jpg 392w, https:\/\/bierther.info\/wp-content\/uploads\/2024\/12\/Dreiecksgeschichten-225x300.jpg 225w\" sizes=\"auto, (max-width: 392px) 100vw, 392px\" \/><\/figure><div class=\"wp-block-media-text__content\">\n<p><strong>&#8222;Der super Markt&#8220;<\/strong> (in: &#8222;Dreiecksgeschichten. Eine Region in Bewegung&#8220;, Hg.: Regionale 2006), rga-Verlag, Remscheid 2006<\/p>\n<\/div><\/div>\n\n\n\n<div class=\"wp-block-media-text is-stacked-on-mobile\"><figure class=\"wp-block-media-text__media\"><img loading=\"lazy\" decoding=\"async\" width=\"368\" height=\"522\" src=\"https:\/\/bierther.info\/wp-content\/uploads\/2024\/12\/Fachjournalismus.jpg\" alt=\"Cover\" class=\"wp-image-833 size-full\" srcset=\"https:\/\/bierther.info\/wp-content\/uploads\/2024\/12\/Fachjournalismus.jpg 368w, https:\/\/bierther.info\/wp-content\/uploads\/2024\/12\/Fachjournalismus-211x300.jpg 211w\" sizes=\"auto, (max-width: 368px) 100vw, 368px\" \/><\/figure><div class=\"wp-block-media-text__content\">\n<p><strong>&#8222;Expertenmakler-Systeme als Recherche-Werkzeuge&#8220;<\/strong> (in: &#8222;Fachjournalismus. Expertenwissen professionell verwerten&#8220;, Reihe praktischer Journalismus), UVK-Verlag, Konstanz 2004<\/p>\n<\/div><\/div>\n\n\n\n<p><\/p>\n\n\n\n<div class=\"wp-block-media-text is-stacked-on-mobile\"><figure class=\"wp-block-media-text__media\"><img loading=\"lazy\" decoding=\"async\" width=\"1024\" height=\"723\" src=\"https:\/\/bierther.info\/wp-content\/uploads\/2024\/12\/112_Cover-1024x723.jpg\" alt=\"Cover des Buches 112\" class=\"wp-image-865 size-full\" srcset=\"https:\/\/bierther.info\/wp-content\/uploads\/2024\/12\/112_Cover-1024x723.jpg 1024w, https:\/\/bierther.info\/wp-content\/uploads\/2024\/12\/112_Cover-300x212.jpg 300w, https:\/\/bierther.info\/wp-content\/uploads\/2024\/12\/112_Cover-768x542.jpg 768w, https:\/\/bierther.info\/wp-content\/uploads\/2024\/12\/112_Cover-1536x1084.jpg 1536w, https:\/\/bierther.info\/wp-content\/uploads\/2024\/12\/112_Cover-2048x1446.jpg 2048w\" sizes=\"auto, (max-width: 767px) 89vw, (max-width: 1000px) 54vw, (max-width: 1071px) 543px, 580px\" \/><\/figure><div class=\"wp-block-media-text__content\">\n<p><strong>&#8222;112 &#8211; Reportagen aus dem modernen Feuerwehralltag&#8220;<\/strong> (zusammen mit Jochen Tack et al.), hellblau-Verlag, Essen 2004<\/p>\n<\/div><\/div>\n\n\n\n<div class=\"wp-block-media-text is-stacked-on-mobile\"><figure class=\"wp-block-media-text__media\"><img loading=\"lazy\" decoding=\"async\" width=\"1024\" height=\"723\" src=\"https:\/\/bierther.info\/wp-content\/uploads\/2024\/12\/110_Cover-1024x723.jpg\" alt=\"Cover des Buchs 110\" class=\"wp-image-866 size-full\" srcset=\"https:\/\/bierther.info\/wp-content\/uploads\/2024\/12\/110_Cover-1024x723.jpg 1024w, https:\/\/bierther.info\/wp-content\/uploads\/2024\/12\/110_Cover-300x212.jpg 300w, https:\/\/bierther.info\/wp-content\/uploads\/2024\/12\/110_Cover-768x542.jpg 768w, https:\/\/bierther.info\/wp-content\/uploads\/2024\/12\/110_Cover-1536x1084.jpg 1536w, https:\/\/bierther.info\/wp-content\/uploads\/2024\/12\/110_Cover-2048x1446.jpg 2048w\" sizes=\"auto, (max-width: 767px) 89vw, (max-width: 1000px) 54vw, (max-width: 1071px) 543px, 580px\" \/><\/figure><div class=\"wp-block-media-text__content\">\n<p><strong>&#8222;110 &#8211; Reportagen aus dem modernen Polizeialltag&#8220;<\/strong> (zusammen mit Jochen Tack et al.), 2. Auflage hellblau-Verlag, Essen 2004; 1. Auflage Klartext-Verlag, Essen 2003<\/p>\n\n\n\n<p><\/p>\n<\/div><\/div>\n\n\n\n<div class=\"wp-block-media-text is-stacked-on-mobile\"><figure class=\"wp-block-media-text__media\"><img loading=\"lazy\" decoding=\"async\" width=\"809\" height=\"1024\" src=\"https:\/\/bierther.info\/wp-content\/uploads\/2024\/12\/WeimarerZeit_Cover-809x1024.jpg\" alt=\"\" class=\"wp-image-868 size-full\" srcset=\"https:\/\/bierther.info\/wp-content\/uploads\/2024\/12\/WeimarerZeit_Cover-809x1024.jpg 809w, https:\/\/bierther.info\/wp-content\/uploads\/2024\/12\/WeimarerZeit_Cover-237x300.jpg 237w, https:\/\/bierther.info\/wp-content\/uploads\/2024\/12\/WeimarerZeit_Cover-768x972.jpg 768w, https:\/\/bierther.info\/wp-content\/uploads\/2024\/12\/WeimarerZeit_Cover-1213x1536.jpg 1213w, https:\/\/bierther.info\/wp-content\/uploads\/2024\/12\/WeimarerZeit_Cover.jpg 1593w\" sizes=\"auto, (max-width: 767px) 89vw, (max-width: 1000px) 54vw, (max-width: 1071px) 543px, 580px\" \/><\/figure><div class=\"wp-block-media-text__content\">\n<p><strong>&#8222;Die Weimarer Zeit in Pressefotos und Fotoreportagen&#8220;<\/strong> (zusammen mit Hendrik Neubauer und Torsten Palm\u00e9r), K\u00f6nemann-Verlag, K\u00f6ln 2001 (Englisch \/ Franz\u00f6sisch), 2000 (Deutsch)<\/p>\n<\/div><\/div>\n\n\n\n<p><\/p>\n\n\n\n<div class=\"wp-block-media-text is-stacked-on-mobile\"><figure class=\"wp-block-media-text__media\"><img loading=\"lazy\" decoding=\"async\" width=\"714\" height=\"1024\" src=\"https:\/\/bierther.info\/wp-content\/uploads\/2024\/12\/MedienatlasRuhr2003-04_Cover-714x1024.jpg\" alt=\"\" class=\"wp-image-857 size-full\" srcset=\"https:\/\/bierther.info\/wp-content\/uploads\/2024\/12\/MedienatlasRuhr2003-04_Cover-714x1024.jpg 714w, https:\/\/bierther.info\/wp-content\/uploads\/2024\/12\/MedienatlasRuhr2003-04_Cover-209x300.jpg 209w, https:\/\/bierther.info\/wp-content\/uploads\/2024\/12\/MedienatlasRuhr2003-04_Cover-768x1101.jpg 768w, https:\/\/bierther.info\/wp-content\/uploads\/2024\/12\/MedienatlasRuhr2003-04_Cover.jpg 795w\" sizes=\"auto, (max-width: 714px) 100vw, 714px\" \/><\/figure><div class=\"wp-block-media-text__content\">\n<p><strong>&#8222;Medienatlas Ruhr &#8211; Handbuch f\u00fcr Medien im Ruhrgebiet&#8220;<\/strong> (zusammen mit Thomas Machoczek), 4. Auflage Klartext-Verlag, Essen 2003, 3. Auflage Sutter-Verlag, Essen 2002, 2. Auflage Klartext-Verlag, Essen 2001, 1. Auflage Klartext Verlag, Essen 2000<\/p>\n<\/div><\/div>\n\n\n\n<div class=\"wp-block-media-text is-stacked-on-mobile\"><figure class=\"wp-block-media-text__media\"><img loading=\"lazy\" decoding=\"async\" width=\"300\" height=\"300\" src=\"https:\/\/bierther.info\/wp-content\/uploads\/2024\/12\/artificial-tribes.jpg\" alt=\"Cover\" class=\"wp-image-838 size-full\" srcset=\"https:\/\/bierther.info\/wp-content\/uploads\/2024\/12\/artificial-tribes.jpg 300w, https:\/\/bierther.info\/wp-content\/uploads\/2024\/12\/artificial-tribes-150x150.jpg 150w, https:\/\/bierther.info\/wp-content\/uploads\/2024\/12\/artificial-tribes-100x100.jpg 100w\" sizes=\"auto, (max-width: 300px) 100vw, 300px\" \/><\/figure><div class=\"wp-block-media-text__content\">\n<p><strong>&#8222;Rockabilly und Psychobilly&#8220;<\/strong> (in: &#8222;Artificial Tribes&#8220;, Hg.: Klaus Farin), Thomas Tilsner Verlag, Berlin 2001<\/p>\n<\/div><\/div>\n\n\n\n<p><\/p>\n","protected":false},"excerpt":{"rendered":"<p>Auswahl, Gesamtauflage &gt;100.000 Exemplare: &#8222;Wandergl\u00fcck Industriekultur: Zu Fu\u00df durchs \u00f6stliche Ruhrgebiet&#8220; (zusammen mit Kay Gropp), Klartext-Verlag, Essen 2024 &#8222;Wandergl\u00fcck Industriekultur: Zu Fu\u00df durchs westliche Ruhrgebiet&#8220;, Klartext-Verlag, Essen 2023 &#8222;Heimatsch\u00e4tze &#8211; Ausfl\u00fcge zu den sch\u00f6nsten Altst\u00e4dten im Ruhrgebiet&#8220;, 3. Auflage Klartext-Verlag, Essen, 2025; 2. Auflage Klartext-Verlag, Essen 2023; 1. Auflage Klartext-Verlag, Essen 2022 &#8222;Bl\u00fchende Oasen &#8211; &hellip; <\/p>\n<p class=\"link-more\"><a href=\"https:\/\/bierther.info\/?page_id=305\" class=\"more-link\"><span class=\"screen-reader-text\">\u201eSachbuchver\u00f6ffentlichungen\u201c <\/span>weiterlesen<\/a><\/p>\n","protected":false},"author":1,"featured_media":0,"parent":0,"menu_order":0,"comment_status":"closed","ping_status":"closed","template":"","meta":{"footnotes":""},"class_list":["post-305","page","type-page","status-publish","hentry"],"_links":{"self":[{"href":"https:\/\/bierther.info\/index.php?rest_route=\/wp\/v2\/pages\/305","targetHints":{"allow":["GET"]}}],"collection":[{"href":"https:\/\/bierther.info\/index.php?rest_route=\/wp\/v2\/pages"}],"about":[{"href":"https:\/\/bierther.info\/index.php?rest_route=\/wp\/v2\/types\/page"}],"author":[{"embeddable":true,"href":"https:\/\/bierther.info\/index.php?rest_route=\/wp\/v2\/users\/1"}],"replies":[{"embeddable":true,"href":"https:\/\/bierther.info\/index.php?rest_route=%2Fwp%2Fv2%2Fcomments&post=305"}],"version-history":[{"count":28,"href":"https:\/\/bierther.info\/index.php?rest_route=\/wp\/v2\/pages\/305\/revisions"}],"predecessor-version":[{"id":968,"href":"https:\/\/bierther.info\/index.php?rest_route=\/wp\/v2\/pages\/305\/revisions\/968"}],"wp:attachment":[{"href":"https:\/\/bierther.info\/index.php?rest_route=%2Fwp%2Fv2%2Fmedia&parent=305"}],"curies":[{"name":"wp","href":"https:\/\/api.w.org\/{rel}","templated":true}]}}